{"version":"1.0","provider_name":"Politika \u00e9s \u00e9let","provider_url":"https:\/\/lassitottfelvetel2019.cafeblog.hu","author_name":"Tibor Z\u00e1voczki","author_url":"https:\/\/lassitottfelvetel2019.cafeblog.hu\/author\/tibor_zavoczki\/","title":"Migrik","html":"<p>Ha egyszer eleink kimondt\u00e1k, hat\u00e1raink s\u00e9rthetetlenek, mi\u00e9rt hoz ellent\u00e9tes hat\u00e1rozatokat az eu-nev\u0171 b\u0171nszervezet?<\/p>\r\n<p>Migr\u00e1ns-kv\u00f3ta, Felt\u00f6lt\u00f6tt bankk\u00e1rty\u00e1k, Eu-s v\u00edzum, forr\u00e1smegvon\u00e1s, soroljam m\u00e9g mivel akarj\u00e1k t\u00e9rdrek\u00e9nyszer\u00edteni azokat az orsz\u00e1gokat, akik soha nem voltak haszon\u00e9lvez\u0151i a gyarmatos\u00edt\u00e1soknak, akik nem h\u00faztak sosem hasznot idegen orsz\u00e1g kincseib\u0151l \u00e9s nem akarnak ezekkel egy\u00fctt\u00e9lni.<\/p>\r\n<p>Min\u00e9l k\u00f6zelebb ker\u00fcl\u00fcnk a m\u00e1jusi EP- v\u00e1laszt\u00e1sokhoz, ann\u00e1l agressz\u00edvebben nyomulnak, akik le lesznek v\u00e1ltva! Nem kell Eur\u00f3p\u00e1ba a sok eg\u00e9szs\u00e9gileg ellen\u0151rizetlen, idi\u00f3ta el\u0151ember! Eur\u00f3pa az eur\u00f3paiak\u00e9, Magyarorsz\u00e1g az \u0151smagyarok\u00e9! \u00c9n sem megyek Afrik\u00e1ba, \u00c1zsi\u00e1ba f\u00f6ld\u00e9rt, v\u00edz\u00e9rt! Maradjon mindenki otthon, v\u00edvja meg harc\u00e1t, ahogyan mi tett\u00fck! Sajnos, Magyarhonban m\u00e9g mindig k\u00eds\u00e9rt a kommunizmus szelleme, vannak agyal\u00e1gyult barmok, akik a vil\u00e1gpolg\u00e1rs\u00e1g\u00e9rt az anyjukat is teherbe ejten\u00e9k! Fitym\u00e1tlanok, kommunist\u00e1k, egyazon aljb\u00f3l val\u00f3k! Ez lesz Eur\u00f3pa veszte! K\u00fczdelem van, a magyars\u00e1g k\u00fczd, a magyarnak mondott kever\u00e9kek meg ellen\u00fcnk! Kev\u00e9s a magyar v\u00e9r! \u00d3vjuk, becs\u00fclj\u00fck meg! A FELT\u00c1MAD\u00c1S csak akkor j\u00f6n el, ha nem adjuk \u0151seink v\u00e9rrel \u00f3vott f\u00f6ldj\u00e9t!<\/p>\r\n<p>Hajr\u00e1 Magyarorsz\u00e1g, Hajr\u00e1 MI\u00c9P!<\/p>","type":"rich"}