{"version":"1.0","provider_name":"Politika \u00e9s \u00e9let","provider_url":"https:\/\/lassitottfelvetel2019.cafeblog.hu","author_name":"Tibor Z\u00e1voczki","author_url":"https:\/\/lassitottfelvetel2019.cafeblog.hu\/author\/tibor_zavoczki\/","title":"Magyar...","html":"<div class=\"f_caxkb_7e5 a_caxkbxkk4 clearfix\">\r\n<div class=\"clearfix v_caxkb_964\">\r\n<div class=\"clearfix _42ef\">\r\n<div class=\"c_caxkb_963\">\r\n<div>\r\n<div class=\"_6a _5u5j\">\r\n<div class=\"_6a _5u5j _6b\">\r\n<h5 id=\"js_2mx\" class=\"_7tae _14f3 _14f5 _5pbw _5vra\"><span class=\"fwn fcg\"><span class=\"fwb fcg\"><a href=\"https:\/\/www.facebook.com\/ferenc.zetenyicsukas?__tn__=%2CdC-R-R&amp;eid=ARDRV0sQKtQgB9EpCz2ELklvPCwS9K3bJRW-WgxMvoZRG4X5KQIkM0qew92k-ucDRM5ZAqBQm2QyzTHX&amp;hc_ref=ARQj-ZUlC5zbcVzUhpIxDytwBe23bpAI3X_8zDT0v7Po5mE1Ob5Fc1KqRKKO6NbiYuk&amp;fref=nf\">Zet\u00e9nyi Csuk\u00e1s Ferenc<\/a><\/span><\/span><\/h5>\r\n<div id=\"feed_subtitle_100000341504500:-8753567390240952557\" class=\"_5pcp _5lel _2jyu _232_\"><span class=\"_6spk\" role=\"presentation\">\u00a0<\/span>\r\n<div class=\"_6a _29ee _4f-9 _43_1\" role=\"img\">\u00a0<\/div>\r\n<\/div>\r\n<\/div>\r\n<\/div>\r\n<\/div>\r\n<\/div>\r\n<\/div>\r\n<\/div>\r\n<\/div>\r\n<div id=\"js_2mz\" class=\"_5pbx userContent _3576\">\r\n<div id=\"id_5cbaeb8e828079625164156\" class=\"text_exposed_root text_exposed\">\r\n<p>SEM A KIV\u00c1LASZTOTTS\u00c1G M\u00cdTOSZ\u00c1BAN, SEM A KOLLEKT\u00cdV B\u0170N\u00d6SS\u00c9GBEN NEM HISZEK<br \/>-\u00dajabb terhel\u0151 bizony\u00edt\u00e9kok az akt\u00e1mba; magyar vagyok!-<\/p>\r\n<p>Tegnap a felvid\u00e9ki kitelep\u00edt\u00e9sek eml\u00e9knapja volt, holnap pedig az \u00c9let Menete indul a magyarorsz\u00e1gi holokausztr\u00f3l eml\u00e9kezve meg. Az egyikr\u0151l alig ejtett sz\u00f3t a m\u00e9dia, m\u00edg a m\u00e1sikr\u00f3l \u00f6mlik a h\u00edrek hada.<\/p>\r\n<div class=\"text_exposed_show\">\r\n<p>A rel\u00e1ci\u00f3 \u00e9rdekes, hiszen mindkett\u0151 eml\u00e9kez\u00e9s a k\u00fcl\u00f6nb\u00f6z\u0151s\u00e9gek \u00e9s a kirekeszt\u00e9s ellen sz\u00f3l, m\u00e9gis csak a magyar b\u0171n\u00f6s kollekt\u00edvan a mai napig is: Szlov\u00e1ki\u00e1ban, Rom\u00e1ni\u00e1ban, Ukrajn\u00e1ban \u00e9s Szerbi\u00e1ban is. \u00c1mb\u00e1tor, \u0151k csonkolt\u00e1k meg a t\u00f6rt\u00e9nelmi Nagy-Magyarorsz\u00e1got, elorozva Felvid\u00e9ket, Erd\u00e9lyt, K\u00e1rp\u00e1talj\u00e1t, mind D\u00e9lvid\u00e9ket.<\/p>\r\n<p>Csonka-honi magyar, Te, aki most olvasod a sorokat!<\/p>\r\n<p>Amikor a felvid\u00e9ki magyart \u201eszlov\u00e1kozod\u201d, akkor a testv\u00e9redet k\u00f6p\u00f6d szembe. Amikor rom\u00e1nnak mondod a sz\u00e9kelyt, ukr\u00e1nnak a k\u00e1rp\u00e1taljai magyart, vagy a fajt\u00e1nk D\u00e9lvid\u00e9kre szakadt lesz\u00e1rmazottjait szerbnek, akkor v\u00e9ted a legnagyobb hib\u00e1t!<\/p>\r\n<p>S Te, ki a \u201egy\u00fanyhat\u00e1ron\u201d t\u00fal vagy magyar, k\u00e9rlek, hogy ne haragudj r\u00e1nk! Legy\u00fcnk egy\u00fctt magyarok, ahogyan mindig is voltunk; hiszen testv\u00e9rek lesz\u00fcnk \u00e9s vagyunk!<\/p>\r\n<p>S Te, zsid\u00f3 polg\u00e1rt\u00e1rs, ki \u00faj haz\u00e1t nyert\u00e9l Magyarorsz\u00e1gon!<\/p>\r\n<p>A v\u00e9szkorszakra minden \u00e9v azonos napj\u00e1n veled eml\u00e9kezem, de az esztend\u0151 t\u00f6bbi napj\u00e1n ugyanezt, a magyar m\u00falttal teszem. Hitedet, vall\u00e1sodat \u00e9s szok\u00e1saidat tisztelem, de a holokauszt\u00e9rt egyetlen ma \u00e9l\u0151 magyar sem lehet felel\u0151s, hiszen akkoriban m\u00e9g meg sem sz\u00fclett\u00fcnk. Ma a zsid\u00f3s\u00e1g eur\u00f3pai fellegv\u00e1ra Magyarorsz\u00e1g, nincs antiszemitizmus, nincs megk\u00fcl\u00f6nb\u00f6ztet\u00e9s. S\u0151t!<\/p>\r\n<p>A m\u00faltra eml\u00e9kezni, a jelenben igazs\u00e1got kell tenni! Sz\u0171nj\u00f6n meg v\u00e9gre a b\u0171nh\u0151d\u0151 Canossa-j\u00e1r\u00e1sunk!<\/p>\r\n<p>\u00c9bredni kellene a magyarnak m\u00e1r\u2026<\/p>\r\n<p>Igazs\u00e1got Magyarorsz\u00e1gnak, \u00e9s sokkal jobb j\u00f6v\u0151t!<\/p>\r\n<p>Zet\u00e9nyi-Csuk\u00e1s Ferenc<\/p>\r\n<p><img src=\"https:\/\/scontent-vie1-1.xx.fbcdn.net\/v\/t1.0-9\/56890294_2298085690212792_2859073181061218304_n.jpg?_nc_cat=101&amp;_nc_ht=scontent-vie1-1.xx&amp;oh=afe9d627474124c5e20d490b2d63dfd3&amp;oe=5D393B7A\" alt=\"Nem \u00c3\u00a9rhet\u00c5\u0091 el le\u00c3\u00adr\u00c3\u00a1s a f\u00c3\u00a9nyk\u00c3\u00a9phez.\" \/><\/p>\r\n<\/div>\r\n<\/div>\r\n<\/div>","type":"rich"}