{"version":"1.0","provider_name":"Politika \u00e9s \u00e9let","provider_url":"https:\/\/lassitottfelvetel2019.cafeblog.hu","author_name":"Tibor Z\u00e1voczki","author_url":"https:\/\/lassitottfelvetel2019.cafeblog.hu\/author\/tibor_zavoczki\/","title":"L\u00e9g\u00fcres t\u00e9rben...","html":"<p>Cs\u00f6nd honol minden\u00fctt. Mert ez a napi libsi vis\u00edtoz\u00e1s m\u00e1r csendnek sz\u00e1m\u00edt! Pedig ord\u00edtani k\u00e9ne!\u00a0 Nek\u00fcnk, a jobboldalinak, konzervat\u00edvnak nevezett oldalnak! Bels\u0151 \u00e9s k\u00fcls\u0151 \"\u00fcgyeink\" miatt! Mert sz\u00e9tszaggatja az orsz\u00e1got a sz\u00e1zmilli\u00f3... Aberr\u00e1lt nyugat, aberr\u00e1lt kiszolg\u00e1l\u00f3ival, \"haza\"\u00e1rul\u00f3kkal, tehetetlen k\u00e9tharmados hatalommal. Eszembe jut a holl\u00f3 \u00e9s a r\u00f3ka mes\u00e9je a sajtr\u00f3l... Nem veszi \u00e9szre a korm\u00e1nyz\u00f3 t\u00f6bbs\u00e9g, hogy \u00e9nekl\u00e9s folyik... A sajtot a sz\u00e1jukb\u00f3l... 2022-ben! Engedi ezt a k\u00f6z\u00f6ns\u00e9ges rabl\u00e1st, felideges\u00edtve saj\u00e1t t\u00e1bor\u00e1t az impotenci\u00e1lis viselked\u00e9ssel! Nem azon k\u00e9ne vitatkozni, hogy a meg\u00edt\u00e9lt \u00f6sszeget p\u00e9nzben vagy term\u00e9szetben, juttat\u00e1sokkal, programokkal fizesse e ki! Azt m\u00e1r ki kell fizetni! Azonban m\u00e9g nem k\u00e9s\u0151 a t\u00f6rv\u00e9nyeinket alkalmazni, esetleg m\u00f3dos\u00edtani, \u00fajat hozni, hogy a t\u00e1rsadalomb\u00f3l \u00f6nmagukat ki\u00edr\u00f3k, ne tudjanak m\u00e9g onnan is \u00e1rtani nek\u00fcnk, ahov\u00e1 meg\u00e9rdemelt b\u00fcntet\u00e9s\u00fck let\u00f6lt\u00e9se c\u00e9lj\u00e1b\u00f3l ker\u00fcltek! A b\u00f6rt\u00f6n nem vellness, hanem egy olyan int\u00e9zm\u00e9ny, ahol a jogaikat vesztett egy\u00e9neket megpr\u00f3b\u00e1lj\u00e1k visszahozni a t\u00e1rsadalomba! Teh\u00e1t, \"ha nem s\u00fct be a nap a cell\u00e1ba\", az\u00e9rt NEM j\u00e1r 5 milli\u00f3 forint... De azt is vizsg\u00e1lni k\u00e9ne, hogy kik azok, akik erre buzd\u00edtj\u00e1k \u0151ket? Megteremteni a magyar \u00e9rdekeknek megfelel\u0151 t\u00f6rv\u00e9nyi h\u00e1tteret, hogy az \u00fcgyesked\u0151ket, a h\u00e1tt\u00e9rb\u0151l usz\u00edt\u00f3kat, vagy \u00e9ppen ny\u00edltan, egy nemzetk\u00f6zinek cs\u00fafolt szervezet m\u00f6g\u00e9 b\u00fajva tegy\u00e9k t\u00f6nkre orsz\u00e1gunkat!\u00a0<\/p>\r\n<p>K\u00fcls\u0151, de m\u00e9gis bels\u0151 \u00fcgy\u00fcnk viszont a m\u00e1r gumicsontt\u00e1 v\u00e1lt t\u00f6rt\u00e9net: Maradjon a fidesz a n\u00e9pp\u00e1rtban vagy ne? Ne maradjon, de m\u00e9g ebben az eur\u00f3pai \u00fani\u00f3nak nevezett b\u0171nszervezetben sem! Nem volt az sem gazdas\u00e1gilag, sem politikailag \u00e1tgondolva, hogy csatlakozzunk, csak egy sz\u0171k k\u00f6r \u00f6n\u00f6s \u00e9rdeke volt, \u00e9s az a mai napig is! Van \u00e9let az \u00dani\u00f3n k\u00edv\u00fcl is! Jobb, szabadabb \u00e9let! Mert nem kell \u00f6r\u00f6k\u00f6sen megfelelni m\u00e1soknak!<\/p>\r\n<p>Hajr\u00e1 Magyarorsz\u00e1g!<\/p>","type":"rich"}